{"id":1502,"date":"2023-10-23T13:59:44","date_gmt":"2023-10-23T13:59:44","guid":{"rendered":"https:\/\/green-league.eu\/green-league-model\/"},"modified":"2025-01-30T09:00:10","modified_gmt":"2025-01-30T09:00:10","slug":"green-league-model","status":"publish","type":"page","link":"https:\/\/green-league.eu\/is\/green-league-model\/","title":{"rendered":"L\u00edkani\u00f0"},"content":{"rendered":"<h1>Green League L\u00edkani\u00f0<\/h1>\n<h3>Kynning \u00e1 Green League l\u00edkaninu<\/h3>\n<div>\n<p>\u00c1 undanf\u00f6rnum \u00e1rum hefur me\u00f0vitund f\u00f3lks um \u00e1hrif mannlegra athafna \u00e1 umhverfi\u00f0 aukist til muna. \u00dev\u00ed hafa margir einstaklingar og stofnanir gripi\u00f0 til a\u00f0ger\u00f0a til a\u00f0 minnka kolefnisf\u00f3tspor sitt og stu\u00f0la a\u00f0 sj\u00e1lfb\u00e6rni. \u00cd \u00feessu samhengi hefur hugtaki\u00f0 <em>gr\u00e6nar \u00ed\u00fer\u00f3ttir<\/em> komi\u00f0 fram sem a\u00f0fer\u00f0 til a\u00f0 stu\u00f0la a\u00f0 umhverfisv\u00e6num starfsh\u00e1ttum \u00ed \u00ed\u00fer\u00f3ttaheiminum.<\/p>\n<p>Gr\u00e6n \u00ed\u00fer\u00f3ttasamt\u00f6k eru samt\u00f6k sem stu\u00f0la a\u00f0 sj\u00e1lfb\u00e6rum og umhverfisv\u00e6num starfsh\u00e1ttum \u00e1 \u00f6llum svi\u00f0um \u00ed\u00fer\u00f3tta. \u00deetta felur \u00ed s\u00e9r allt fr\u00e1 h\u00f6nnun og byggingu \u00ed\u00fer\u00f3ttamannvirkja til daglegs reksturs \u00ed\u00fer\u00f3ttali\u00f0a og skipulagningu \u00ed\u00fer\u00f3ttavi\u00f0bur\u00f0a. Markmi\u00f0 gr\u00e6nna \u00ed\u00fer\u00f3ttasamtaka er a\u00f0 l\u00e1gmarka neikv\u00e6\u00f0 \u00e1hrif \u00ed\u00fer\u00f3tta \u00e1 umhverfi\u00f0 en \u00e1 sama t\u00edma a\u00f0 veita b\u00e6\u00f0i \u00ed\u00fer\u00f3ttaf\u00f3lki sem og a\u00f0d\u00e1endum \u00e1n\u00e6gjulega upplifun.<\/p>\n<p>Eitt helsta markmi\u00f0 gr\u00e6nna \u00ed\u00fer\u00f3ttasamtaka er a\u00f0 stu\u00f0la a\u00f0 sj\u00e1lfb\u00e6rum starfsh\u00e1ttum innan \u00ed\u00fer\u00f3ttamannvirkja. \u00dea\u00f0 \u00e1 vi\u00f0 um notkun\u00a0 endurn\u00fdjanlegra orkugjafa s.s. s\u00f3lar- og vindorku,\u00a0 innlei\u00f0ingu orkusparandi lj\u00f3sa- og loftr\u00e6stikerfa, \u00a0 og notkun sj\u00e1lfb\u00e6rs byggingarefnis vi\u00f0 byggingu \u00ed\u00fer\u00f3ttamannvirkja.<\/p>\n<p>\u00d6nnur mikilv\u00e6g starfsemi gr\u00e6nna \u00ed\u00fer\u00f3ttasamtaka er a\u00f0 stu\u00f0la a\u00f0 sj\u00e1lfb\u00e6rum samg\u00f6ngum fyrir a\u00f0d\u00e1endur og \u00ed\u00fer\u00f3ttamenn. \u00dea\u00f0 getur veri\u00f0 innlei\u00f0ing almenningssamganga, a\u00f0st\u00f6\u00f0u fyrir hj\u00f3l og hj\u00f3lrei\u00f0amenn og \u00f6nnur \u00fe\u00e6gindi o.fl.<\/p>\n<p>Auk \u00feessarar starfsemi geta gr\u00e6n \u00ed\u00fer\u00f3ttasamt\u00f6k stu\u00f0la\u00f0 a\u00f0 sj\u00e1lfb\u00e6rum starfsh\u00e1ttum \u00ed daglegum rekstri \u00ed\u00fer\u00f3ttali\u00f0a og vi\u00f0bur\u00f0um, allt fr\u00e1 notkun vistv\u00e6nna hreinsiefna og a\u00f0 \u00fev\u00ed a\u00f0 draga \u00far \u00fargangi me\u00f0 endurvinnslu.<\/p>\n<p>\u00c1 heildina liti\u00f0 leggur Green league l\u00edkani\u00f0 \u00e1herslu \u00e1 mikilv\u00e6gi \u00feess a\u00f0 skapa sj\u00e1lfb\u00e6rnimenningu innan \u00ed\u00fer\u00f3ttasamtaka og me\u00f0al \u00ed\u00fer\u00f3ttaf\u00f3lks, sem og innlei\u00f0a umhverfisv\u00e6na starfsh\u00e6tti \u00e1 \u00f6llum svi\u00f0um \u00ed\u00fer\u00f3tta. \u00dea\u00f0 vi\u00f0urkennir einnig mikilv\u00e6gi \u00feess a\u00f0 efla sj\u00e1lfb\u00e6rni b\u00e6\u00f0i innan \u00ed\u00fer\u00f3ttahreyfingarinnar og utan til a\u00f0 skapa sj\u00e1lfb\u00e6rari framt\u00ed\u00f0 fyrir alla.<\/p>\n<p>Me\u00f0 \u00fev\u00ed a\u00f0 tileinka s\u00e9r \u00feetta l\u00edkan geta \u00ed\u00fer\u00f3ttaf\u00e9l\u00f6g og starfsf\u00f3lk \u00feeirra b\u00e6tt s\u00edna frammist\u00f6\u00f0u, dregi\u00f0 \u00far umhverfis\u00e1hrifum og stu\u00f0la\u00f0 a\u00f0 sj\u00e1lfb\u00e6rari framt\u00ed\u00f0.<\/p>\n<\/div>\n<p>\n    <a href=\"\/wp-content\/uploads\/2023\/12\/Green-League_Model_Final-Version_IS.pdf\">Hla\u00f0a ni\u00f0ur<\/a>\n<\/p>\n<h3>Um l\u00edkani\u00f0<\/h3>\n<div>\n<p>Green League l\u00edkani\u00f0 er rammi sem samt\u00f6k geta n\u00fdtt s\u00e9r til a\u00f0 stu\u00f0la a\u00f0 sj\u00e1lfb\u00e6rum og umhverfisv\u00e6num starfsh\u00e1ttum. H\u00fan byggir \u00e1 \u00feremur megin\u00fe\u00e1ttum: skipulagi, framkv\u00e6md og kynningu.<\/p>\n<\/div>\n<p><img decoding=\"async\" src=\"\/wp-content\/uploads\/2023\/12\/Model_IS.jpg\" alt=\"\"><\/p>\n<hr>\n<h3>Skipulag<\/h3>\n<div>\n<p>Fyrsti \u00fe\u00e1ttur <em>Green League<\/em> l\u00edkansins beinist a\u00f0 uppbyggingu stofnunarinnar. \u00cd \u00feessum \u00fe\u00e6tti er \u00e1hersla \u00e1 a\u00f0 skapa sj\u00e1lfb\u00e6rnimenningu innan stofnunarinnar (\u00ed\u00fer\u00f3ttaf\u00e9lagsins). \u00cd \u00fev\u00ed felst a\u00f0 fella sj\u00e1lfb\u00e6ra starfsh\u00e6tti inn \u00ed stefnur og verklag stofnunarinnar, auk \u00feess a\u00f0 innlei\u00f0a umhverfisv\u00e6na starfsh\u00e6tti \u00ed daglegan rekstur.<\/p>\n<p>Grundv\u00f6llur skipulagningar fyrir l\u00edkan gr\u00e6nna \u00ed\u00fer\u00f3ttasamtaka samanstendur af nokkrum lykil\u00fe\u00e1ttum, \u00fear \u00e1 me\u00f0al gildandi l\u00f6ggj\u00f6f\/stefnu og tilskipunum, hagsmunaa\u00f0ilum og rekstrarstigi.<\/p>\n<p><i>Frekari uppl\u00fdsingar m\u00e1 sj\u00e1 \u00e1 bla\u00f0s\u00ed\u00f0u 17.<\/i><\/p>\n<\/div>\n<p>\n    <a href=\"\/wp-content\/uploads\/2023\/12\/GreenLeagues-GL-Organisation-IS.pdf\">Hla\u00f0a ni\u00f0ur PDF<\/a>\n<\/p>\n<p><img decoding=\"async\" src=\"\/wp-content\/uploads\/2023\/12\/org-IS.jpg\" alt=\"\"><\/p>\n<h4>L\u00f6ggjafir og stefnur <\/h4>\n<div>\n<p>Til a\u00f0 byggja upp gr\u00e6n \u00ed\u00fer\u00f3ttasamt\u00f6k er nau\u00f0synlegt a\u00f0 vera me\u00f0vita\u00f0ur um innlendar sem al\u00fej\u00f3\u00f0legar tilskipanir og stefnur sem tengjast sj\u00e1lfb\u00e6rni. \u00cd\u00fer\u00f3ttasamt\u00f6k \u00e6ttu a\u00f0 fylgja \u00feessum tilskipunum og stefnum til a\u00f0 draga \u00far umhverfis\u00e1hrifum \u00feeirra.<\/p>\n<p>\u00ddmsar tilskipanir og stefnur sem veri\u00f0 er a\u00f0 setja \u00e1 f\u00f3t, b\u00e6\u00f0i \u00e1 innlendum og al\u00fej\u00f3\u00f0legum vettvangi til a\u00f0 \u00fdta undir gr\u00e6na \u00ed\u00fer\u00f3ttai\u00f0kun.<\/p>\n<p>\u00cd\u00fer\u00f3ttasamt\u00f6kin \u00e6ttu sj\u00e1lf a\u00f0 hafa starfsstefnu. Stefna gr\u00e6nna \u00ed\u00fer\u00f3ttasamtaka \u00e6tti a\u00f0 mi\u00f0a a\u00f0 sj\u00e1lfb\u00e6rni og umhverfis\u00e1byrg\u00f0. \u00deessi stefna \u00e6tti a\u00f0 vera allri starfsemi og \u00e1kv\u00f6r\u00f0unum stofnunarinnar a\u00f0 lei\u00f0arlj\u00f3si og \u00fearf a\u00f0 kynna \u00e1 sk\u00fdran h\u00e1tt fyrir \u00f6llum hagsmunaa\u00f0ilum.<\/p>\n<p><i>Frekri uppl\u00fdsingar m\u00e1 sj\u00e1 \u00e1 bla\u00f0s\u00ed\u00f0u 18.<\/i><\/p>\n<\/div>\n<h4>Hagsmunaa\u00f0ilar <\/h4>\n<div>\n<p>Til a\u00f0 n\u00e1 \u00e1rangri ver\u00f0a gr\u00e6n \u00ed\u00fer\u00f3ttasamt\u00f6k a\u00f0 f\u00e1 alla hagsmunaa\u00f0ila, \u00ed\u00fer\u00f3ttasamt\u00f6k, n\u00e6rsamf\u00e9lagi\u00f0, \u00ed\u00fer\u00f3ttamenn, a\u00f0d\u00e1endur, styrktara\u00f0ila, opinber yfirv\u00f6ld og stu\u00f0ningsmenn me\u00f0 s\u00e9r \u00ed li\u00f0.<\/p>\n<p>\u00cd\u00fer\u00f3ttasamt\u00f6k \u00e6ttu a\u00f0 vinna me\u00f0 umhverfissamt\u00f6kum til a\u00f0 a\u00f0sto\u00f0a vi\u00f0 stefnum\u00f3tun og stu\u00f0la a\u00f0 sj\u00e1lfb\u00e6rum starfsh\u00e1ttum. \u00de\u00e1 er einnig mikilv\u00e6gt a\u00f0 virkja n\u00e6rsamf\u00e9lagi\u00f0 til a\u00f0 stu\u00f0la a\u00f0 sj\u00e1lfb\u00e6rum starfsh\u00e1ttum, auka vitund og hvetja til \u00fe\u00e1ttt\u00f6ku \u00ed gr\u00e6nu \u00ed\u00fer\u00f3ttastarfi. Millili\u00f0ir og stu\u00f0ningsmenn, eins og styrktara\u00f0ilar og s\u00f6lua\u00f0ilar, gegna einnig mikilv\u00e6gu hlutverki \u00ed \u00fev\u00ed a\u00f0 stu\u00f0la a\u00f0 sj\u00e1lfb\u00e6rum starfsh\u00e1ttum.<\/p>\n<p><i>Frekri uppl\u00fdsingar m\u00e1 sj\u00e1 \u00e1 bla\u00f0s\u00ed\u00f0u 20.<\/i><\/p>\n<\/div>\n<h4>Hvati og \u00e1vinningur <\/h4>\n<div>\n<p>Gr\u00e6n \u00ed\u00fer\u00f3ttasamt\u00f6k skulu a\u00f0 huga a\u00f0 umfangi starfsemi sinnar og hversu mikla skuldbindingu \u00fearf til 12 a\u00f0 stu\u00f0la a\u00f0 sj\u00e1lfb\u00e6rni. \u00deetta \u00e1 vi\u00f0 \u00e1 al\u00fej\u00f3\u00f0legum, innlendum og sta\u00f0bundnum vettvangi. \u00a0\u00a0\u00a0<\/p>\n<p>Rekstrarstig gr\u00e6nna \u00ed\u00fer\u00f3ttasamtaka getur veri\u00f0 \u00f3l\u00edkt, allt fr\u00e1 sta\u00f0bundnum grasr\u00f3tarsamt\u00f6kum til st\u00f3rra al\u00fej\u00f3\u00f0legra samtaka. Stofnunin \u00e6tti a\u00f0 starfa \u00e1 \u00fev\u00ed stigi sem h\u00e6fir au\u00f0lindum \u00feess og markmi\u00f0um, en stu\u00f0la samt a\u00f0 sj\u00e1lfb\u00e6rum starfsh\u00e1ttum \u00ed \u00ed\u00fer\u00f3ttum.<\/p>\n<p>\u00c1 al\u00fej\u00f3\u00f0avettvangi geta \u00ed\u00fer\u00f3ttasamt\u00f6k stu\u00f0la\u00f0 a\u00f0 sj\u00e1lfb\u00e6rni me\u00f0 \u00fev\u00ed a\u00f0 fylgja al\u00fej\u00f3\u00f0legum stefnum og me\u00f0 \u00fev\u00ed a\u00f0 eiga samstarf vi\u00f0 umhverfissamt\u00f6k. \u00c1 landsv\u00edsu geta stofnanir innleitt sj\u00e1lfb\u00e6ra starfsh\u00e6tti og stefnur sem fylgja innlendum tilskipunum. Sv\u00e6\u00f0isbundnar stofnanir geta virkja\u00f0 n\u00e6rsamf\u00e9lag sitt, grasr\u00f3tina, og \u00feannig stu\u00f0la\u00f0 a\u00f0 sj\u00e1lfb\u00e6rni.<\/p>\n<p><i>Frekri uppl\u00fdsingar m\u00e1 sj\u00e1 \u00e1 bla\u00f0s\u00ed\u00f0u 23.<\/i><\/p>\n<\/div>\n<hr>\n<h3>Innlei\u00f0ing <\/h3>\n<div>\n<p>Grundv\u00f6llur gr\u00e6ns \u00ed\u00fer\u00f3ttal\u00edkans felur \u00ed s\u00e9r innlei\u00f0ingu \u00e1 sj\u00e1lfb\u00e6rum starfsh\u00e1ttum \u00ed \u00ed\u00fer\u00f3ttasamt\u00f6kunum og krefst \u00feess a\u00f0 hafa nokkra lykil\u00fe\u00e6tti \u00ed huga, \u00fear \u00e1 me\u00f0al: \u00e1hrif \u00ed\u00fer\u00f3tta \u00e1 umhverfi\u00f0, m\u00f6guleika beinnar \u00fe\u00e1ttt\u00f6ku \u00ed\u00fer\u00f3ttahreyfingarinnar \u00ed umhverfism\u00e1lum, skipulagningu og framkv\u00e6md gr\u00e6nna \u00ed\u00fer\u00f3tta, tegund starfseminnar, meginreglur og markmi\u00f0.<\/p>\n<p><i>Frekri uppl\u00fdsingar m\u00e1 sj\u00e1  \u00e1 bla\u00f0s\u00ed\u00f0u 24.<\/i><\/p>\n<\/div>\n<p>\n    <a href=\"\/wp-content\/uploads\/2023\/12\/GreenLeagues-GL-Implementation-IS.pdf\">Hla\u00f0a ni\u00f0ur PDF<\/a>\n<\/p>\n<p><img decoding=\"async\" src=\"\/wp-content\/uploads\/2023\/12\/Impl-is.jpg\" alt=\"\"><\/p>\n<h4>Hvernig \u00ed\u00fer\u00f3ttir hafa \u00e1hrif \u00e1 umhverfi\u00f0 <\/h4>\n<div>\n<p>\u00c1\u00f0ur en sj\u00e1lfb\u00e6r vinnubr\u00f6g\u00f0 eru innleidd er nau\u00f0synlegt a\u00f0 skilja \u00e1hrif \u00ed\u00fer\u00f3tta \u00e1 umhverfi\u00f0. \u00cd\u00fer\u00f3ttavi\u00f0bur\u00f0ir og athafnir geta haft verulega neikv\u00e6\u00f0 \u00e1hrif \u00e1 umhverfi\u00f0. Skilningur \u00feessara \u00e1hrifa getur hj\u00e1lpa\u00f0 stofnunum a\u00f0 b\u00faa til skilvirkar sj\u00e1lfb\u00e6rar stefnur og starfsh\u00e6tti.<\/p>\n<p><i>Frekri uppl\u00fdsingar m\u00e1 sj\u00e1  \u00e1 bla\u00f0s\u00ed\u00f0u 25.<\/i><\/p>\n<\/div>\n<h4>M\u00f6guleikar \u00fe\u00e1ttt\u00f6ku \u00ed\u00fer\u00f3ttahreyfingarinnar \u00ed umhverfism\u00e1lum <\/h4>\n<div>\n<p>Gr\u00e6nar \u00ed\u00fer\u00f3ttir geta haft j\u00e1kv\u00e6\u00f0 \u00e1hrif, ekki bara \u00e1 umhverfi\u00f0 heldur einnig \u00e1 f\u00e9lagsleg og efnahagsleg kerfi. \u00de\u00e1 stu\u00f0la \u00fe\u00e6r a\u00f0 heilbrig\u00f0um og sj\u00e1lfb\u00e6rum l\u00edfsh\u00e1ttum, b\u00e6ta f\u00e9lagslega samheldni og skapa efnahagslegan \u00e1vinning. \u00cd\u00fer\u00f3ttir er h\u00e6gt a\u00f0 n\u00fdta sem \u00f6flugt t\u00e6ki \u00ed vitundarvakningu og stu\u00f0la a\u00f0 sj\u00e1lfb\u00e6rum starfsh\u00e1ttum. Gr\u00e6n \u00ed\u00fer\u00f3ttaverkefni geta hvatt a\u00f0d\u00e1endur, leikmenn og a\u00f0ra hagsmunaa\u00f0ila til a\u00f0 tileinka s\u00e9r sj\u00e1lfb\u00e6rar a\u00f0fer\u00f0ir \u00ed s\u00ednu daglegu l\u00edfi.<\/p>\n<p><i>Frekri uppl\u00fdsingar m\u00e1 sj\u00e1  \u00e1 bla\u00f0s\u00ed\u00f0u 26.<\/i><\/p>\n<\/div>\n<h4>Skipulagning og innlei\u00f0ing gr\u00e6nna \u00ed\u00fer\u00f3ttavi\u00f0bur\u00f0a <\/h4>\n<div>\n<p>Skipulagning of innlei\u00f0ing gr\u00e6ns \u00ed\u00fer\u00f3ttastarfs og vi\u00f0bur\u00f0a geta f\u00e9l\u00f6g n\u00fdtt s\u00e9r ramma sem inniheldur stefnur, markmi\u00f0 og a\u00f0ger\u00f0a\u00e1\u00e6tlanir sem stu\u00f0la a\u00f0 sj\u00e1lfb\u00e6rni. Ramminn getur veri\u00f0 mi\u00f0a\u00f0ur a\u00f0 \u00fdmsum \u00f3l\u00edkum \u00fe\u00e1ttum, s.s. orku- og vatnsvernd, vistv\u00e6num matar- og drykkjarvalkostum, \u00fargangsstj\u00f3rnunara\u00f0fer\u00f0um, sj\u00e1lfb\u00e6rum samg\u00f6ngum og innkaupum. \u00dear m\u00e1 einnig finna innlei\u00f0ingu gr\u00e6nnar innkaupastefnu fyrir v\u00f6rur og \u00fej\u00f3nustu og felur \u00ed s\u00e9r sj\u00e1lfb\u00e6ra efnis\u00f6flun fyrir b\u00fana\u00f0 og innvi\u00f0i.<\/p>\n<p><i>Frekri uppl\u00fdsingar m\u00e1 sj\u00e1  \u00e1 bla\u00f0s\u00ed\u00f0u 27.<\/i><\/p>\n<\/div>\n<h4>A\u00f0ger\u00f0ir <\/h4>\n<div>\n<p>Gr\u00e6nt \u00ed\u00fer\u00f3ttastarf \u00e6tti a\u00f0 vera til sta\u00f0ar \u00e1 \u00f6llum stigum \u00ed\u00fer\u00f3ttahreyfingarinnar. Fr\u00e1 h\u00f6nnun og byggingu til rekstrar og stj\u00f3rnunar vi\u00f0bur\u00f0a.<\/p>\n<p>F\u00e9l\u00f6g geta teki\u00f0 a\u00f0 s\u00e9r \u00fdmis verkefni til a\u00f0 vekja athygli \u00e1 gr\u00e6num \u00ed\u00fer\u00f3ttum, s.s. me\u00f0 \u00fev\u00ed a\u00f0 halda vi\u00f0bur\u00f0i sem vekja athygli \u00e1 m\u00e1lefninu og \u00f6nnur innvi\u00f0averkefni.<\/p>\n<p>Sl\u00edkir vi\u00f0bur\u00f0ir l\u00edkt og vinnustofur, m\u00e1lstofur og herfer\u00f0ir, geta stu\u00f0la\u00f0 a\u00f0 sj\u00e1lfb\u00e6rum starfsh\u00e1ttum og hvatt til \u00fe\u00e1ttt\u00f6ku \u00ed gr\u00e6nu \u00ed\u00fer\u00f3ttastarfi.<\/p>\n<p>Vi\u00f0bur\u00f0ir, eins og gr\u00e6n \u00ed\u00fer\u00f3ttam\u00f3t geta einnig stu\u00f0la\u00f0 a\u00f0 sj\u00e1lfb\u00e6rum starfsh\u00e1ttum og vaki\u00f0 f\u00f3lk til umhugsunar um umhverfism\u00e1l.<\/p>\n<p>Innvi\u00f0aframkv\u00e6mdir, eins og gr\u00e6nir leikvangar e\u00f0a s\u00f3larorkukn\u00fain \u00ed\u00fer\u00f3ttamannvirki geta einnig stu\u00f0la\u00f0 a\u00f0 sj\u00e1lfb\u00e6rum starfsh\u00e1ttum og dregi\u00f0 \u00far umhverfis\u00e1hrifum \u00ed\u00fer\u00f3ttai\u00f0kunar<\/p>\n<p><i>Frekri uppl\u00fdsingar m\u00e1 sj\u00e1 \u00e1 bla\u00f0s\u00ed\u00f0u 35.<\/i><\/p>\n<\/div>\n<h4>Meginreglur og markmi\u00f0 <\/h4>\n<div>\n<p>Meginreglurnar eru tv\u00e6r, annars vegar eru \u00fea\u00f0 \u00feau markmi\u00f0 sem vi\u00f0 viljum n\u00e1 \u00ed gegnum gr\u00e6nar \u00ed\u00fer\u00f3ttir og hins vegar \u00fe\u00e6r meginreglur sem eru til sta\u00f0ar um framkv\u00e6md vi\u00f0bur\u00f0a, en \u00fe\u00e6r v\u00edsa til markmi\u00f0a vi\u00f0bur\u00f0arins sj\u00e1lfs.<\/p>\n<p>Gr\u00e6nt \u00ed\u00fer\u00f3ttastarf og vi\u00f0bur\u00f0ir \u00e6ttu a\u00f0 setja \u00f6ryggi, \u00fe\u00e1ttt\u00f6ku, jafnr\u00e9tti og samvinnu \u00ed forgang, auk \u00feess a\u00f0 stu\u00f0la a\u00f0 sj\u00e1lfb\u00e6rni. Me\u00f0 \u00fev\u00ed a\u00f0 fylgja \u00feessum meginreglum geta skipuleggjendur skapa\u00f0 \u00f6ruggt, hl\u00fdlegt og sj\u00e1lfb\u00e6rt umhverfi fyrir alla \u00fe\u00e1tttakendur, \u00e1horfendur og hagsmunaa\u00f0ila.<\/p>\n<p><i>Frekri uppl\u00fdsingar m\u00e1 sj\u00e1 \u00e1 bla\u00f0s\u00ed\u00f0u 38.<\/i><\/p>\n<\/div>\n<hr>\n<h3>Kynning <\/h3>\n<div>\n<p>Kynning felur \u00ed s\u00e9r \u00fea\u00f0 ferli a\u00f0 \u00fatdeila uppl\u00fdsingum og dreifa bo\u00f0skap gr\u00e6nna \u00ed\u00fer\u00f3tta. Kynningarstarf \u00fearf a\u00f0 sn\u00ed\u00f0a a\u00f0 \u00fe\u00f6rfum hvers og eins hagsmunaa\u00f0ila fyrir sig og getur fali\u00f0 \u00ed s\u00e9r uppl\u00fdsingar um stefnu \u00ed\u00fer\u00f3ttasamtakanna, samf\u00e9lagsmi\u00f0laherfer\u00f0ir, rafr\u00e6n fr\u00e9ttabr\u00e9f, r\u00e1\u00f0stefnur o.\u00fe.h.<\/p>\n<p>S\u00ed\u00f0asti \u00fe\u00e1ttur Green League l\u00edkansins felur \u00ed s\u00e9r a\u00f0 stu\u00f0la a\u00f0 sj\u00e1lfb\u00e6rni b\u00e6\u00f0i innan stofnunarinnar og utan hennar. \u00deetta getur fali\u00f0 \u00ed s\u00e9r marka\u00f0ssetningu sj\u00e1lfb\u00e6rra vara e\u00f0a \u00fej\u00f3nustu, \u00fe\u00e1ttt\u00f6ku \u00ed umhverfisherfer\u00f0um e\u00f0a verkefnum, e\u00f0a samvinnu me\u00f0 \u00f6\u00f0rum samt\u00f6kum til a\u00f0 stu\u00f0la a\u00f0 sj\u00e1lfb\u00e6rni.<\/p>\n<p>Grunnurinn a\u00f0 \u00fev\u00ed a\u00f0 efla Green League l\u00edkani\u00f0 samanstendur af nokkrum lykil\u00fe\u00e1ttum, \u00fear \u00e1 me\u00f0al: fj\u00f6lmi\u00f0lum, samskiptum, fr\u00e6\u00f0slu og bo\u00f0un m\u00e1lsta\u00f0arins.<\/p>\n<p><i>Fyrir frekari uppl\u00fdsingar skaltu hla\u00f0a ni\u00f0ur skjalinu h\u00e9r a\u00f0 ne\u00f0an.<\/i><\/p>\n<\/div>\n<p>\n    <a href=\"\/wp-content\/uploads\/2023\/12\/GreenLeagues-GL-Promotion-IS.pdf\">Hla\u00f0a ni\u00f0ur PDF <\/a>\n<\/p>\n<p><img decoding=\"async\" src=\"\/wp-content\/uploads\/2023\/12\/promo-is.jpg\" alt=\"\"><\/p>\n<ul>\n<li>\n<h4>Fj\u00f6lmi\u00f0lar <\/h4>\n<div>\n<p>Fj\u00f6lmi\u00f0lar geta veri\u00f0 mikilv\u00e6gir samstarfsa\u00f0ilar \u00ed eflingu gr\u00e6nnar \u00ed\u00fer\u00f3ttahreyfingar og geta vaki\u00f0 athygli \u00e1 umhverfis\u00e1hrifum \u00ed\u00fer\u00f3ttai\u00f0kunar. Gr\u00e6n \u00ed\u00fer\u00f3ttasamt\u00f6k \u00e6ttu a\u00f0 leitast vi\u00f0 a\u00f0 eiga samskipti vi\u00f0 fj\u00f6lmi\u00f0la og nota \u00fe\u00e1 sem vettvang til a\u00f0 kynna starfsemi s\u00edna.<\/p>\n<p><i>Frekri uppl\u00fdsingar m\u00e1 sj\u00e1  \u00e1 bla\u00f0s\u00ed\u00f0u 41.<\/i><\/p>\n<\/div>\n<\/li>\n<li>\n<h4>Samskipti <\/h4>\n<div>\n<p>Samskipti er lykilatri\u00f0i kynningu bo\u00f0skaps gr\u00e6nna \u00ed\u00fer\u00f3ttasamtaka. Stofnanir \u00e6ttu a\u00f0 vinna a\u00f0 \u00fev\u00ed a\u00f0 kynna stefnu s\u00edna og markmi\u00f0 \u00e1 sk\u00fdran h\u00e1tt og tryggja a\u00f0 hagsmunaa\u00f0ilar s\u00e9u me\u00f0vita\u00f0ir um kosti sj\u00e1lfb\u00e6rra starfsh\u00e1tta. Samskipti skulu vera gagns\u00e6, uppl\u00fdsandi og gr\u00edpandi og \u00e6ttu a\u00f0 vera sni\u00f0in a\u00f0 \u00fe\u00f6rfum hvers allra hagsmunaa\u00f0ila, \u00ed\u00fer\u00f3ttaf\u00f3lks, a\u00f0d\u00e1enda, styrktara\u00f0ila og samf\u00e9lagsins \u00ed heild.<\/p>\n<p><i>Frekri uppl\u00fdsingar m\u00e1 sj\u00e1  \u00e1 bla\u00f0s\u00ed\u00f0u 42.<\/i><\/p>\n<\/div>\n<\/li>\n<li>\n<h4>Menntun <\/h4>\n<div>\n<p>\u00dej\u00e1lfun og fram\u00fer\u00f3un eru nau\u00f0synlegir \u00fe\u00e6ttir svo gr\u00e6nar \u00ed\u00fer\u00f3ttir s\u00e9u innleiddar og haldi\u00f0 vi\u00f0. Sem d\u00e6mi m\u00e1 nefna \u00fej\u00e1lfun \u00ed\u00fer\u00f3ttaf\u00f3lks og \u00fej\u00e1lfara \u00ed sj\u00e1lfb\u00e6rum starfsh\u00e1ttum, kennslu fyrir a\u00f0st\u00f6\u00f0ustj\u00f3ra vi\u00f0 h\u00f6nnun gr\u00e6nna mannvirkja og fr\u00e6\u00f0a a\u00f0d\u00e1endur um umhverfis\u00e1hrif \u00ed\u00fer\u00f3ttai\u00f0kunar.<\/p>\n<p><i>Frekri uppl\u00fdsingar m\u00e1 sj\u00e1  \u00e1 bla\u00f0s\u00ed\u00f0u 45.<\/i><\/p>\n<\/div>\n<\/li>\n<li>\n<h4>Bo\u00f0un m\u00e1lsta\u00f0ar &#8211; hagsmunag\u00e6sla <\/h4>\n<div>\n<p>L\u00fdsa m\u00e1 hagsmunag\u00e6slu sem starfsemi sem mi\u00f0ar a\u00f0 \u00fev\u00ed a\u00f0 hafa \u00e1hrif \u00e1 a\u00f0ger\u00f0ir og \u00e1kvar\u00f0anir innan stj\u00f3rnm\u00e1la, f\u00e9lags- og efnahagskerfisins sem fjalla um tiltekin m\u00e1l.<\/p>\n<p><i>Frekri uppl\u00fdsingar m\u00e1 sj\u00e1  \u00e1 bla\u00f0s\u00ed\u00f0u 47.<\/i><\/p>\n<\/div>\n<\/li>\n<\/ul>\n<hr>\n<p><!--more--><br \/>\n<!-- {\"type\":\"layout\",\"children\":[{\"type\":\"section\",\"props\":{\"css\":\".el-section img{\\n\\tmax-width: 70%;\\n    display: block;\\n    margin: 0 auto;\\n}\",\"image_position\":\"center-center\",\"padding_remove_top\":true,\"style\":\"default\",\"title_breakpoint\":\"xl\",\"title_position\":\"top-left\",\"title_rotation\":\"left\",\"vertical_align\":\"\",\"width\":\"default\"},\"children\":[{\"type\":\"row\",\"children\":[{\"type\":\"column\",\"props\":{\"image_position\":\"center-center\",\"position_sticky_breakpoint\":\"m\"},\"children\":[{\"type\":\"headline\",\"props\":{\"class\":\"page-header\",\"content\":\"Green League L\\u00edkani\\u00f0\",\"margin_remove_top\":true,\"title_color\":\"success\",\"title_element\":\"h1\",\"title_style\":\"h1\"}}]}]},{\"type\":\"row\",\"children\":[{\"type\":\"column\",\"props\":{\"image_position\":\"center-center\",\"position_sticky_breakpoint\":\"m\"},\"children\":[{\"type\":\"headline\",\"props\":{\"content\":\"Kynning \\u00e1 Green League l\\u00edkaninu\",\"title_element\":\"h3\"}},{\"type\":\"text\",\"props\":{\"column_breakpoint\":\"m\",\"content\":\"\n\n<p>\\u00c1 undanf\\u00f6rnum \\u00e1rum hefur me\\u00f0vitund f\\u00f3lks um \\u00e1hrif mannlegra athafna \\u00e1 umhverfi\\u00f0 aukist til muna. \\u00dev\\u00ed hafa margir einstaklingar og stofnanir gripi\\u00f0 til a\\u00f0ger\\u00f0a til a\\u00f0 minnka kolefnisf\\u00f3tspor sitt og stu\\u00f0la a\\u00f0 sj\\u00e1lfb\\u00e6rni. \\u00cd \\u00feessu samhengi hefur hugtaki\\u00f0 <em>gr\\u00e6nar \\u00ed\\u00fer\\u00f3ttir<\\\/em> komi\\u00f0 fram sem a\\u00f0fer\\u00f0 til a\\u00f0 stu\\u00f0la a\\u00f0 umhverfisv\\u00e6num starfsh\\u00e1ttum \\u00ed \\u00ed\\u00fer\\u00f3ttaheiminum.<\\\/p>\\n\n\n<p>Gr\\u00e6n \\u00ed\\u00fer\\u00f3ttasamt\\u00f6k eru samt\\u00f6k sem stu\\u00f0la a\\u00f0 sj\\u00e1lfb\\u00e6rum og umhverfisv\\u00e6num starfsh\\u00e1ttum \\u00e1 \\u00f6llum svi\\u00f0um \\u00ed\\u00fer\\u00f3tta. \\u00deetta felur \\u00ed s\\u00e9r allt fr\\u00e1 h\\u00f6nnun og byggingu \\u00ed\\u00fer\\u00f3ttamannvirkja til daglegs reksturs \\u00ed\\u00fer\\u00f3ttali\\u00f0a og skipulagningu \\u00ed\\u00fer\\u00f3ttavi\\u00f0bur\\u00f0a. Markmi\\u00f0 gr\\u00e6nna \\u00ed\\u00fer\\u00f3ttasamtaka er a\\u00f0 l\\u00e1gmarka neikv\\u00e6\\u00f0 \\u00e1hrif \\u00ed\\u00fer\\u00f3tta \\u00e1 umhverfi\\u00f0 en \\u00e1 sama t\\u00edma a\\u00f0 veita b\\u00e6\\u00f0i \\u00ed\\u00fer\\u00f3ttaf\\u00f3lki sem og a\\u00f0d\\u00e1endum \\u00e1n\\u00e6gjulega upplifun.<\\\/p>\\n\n\n<p>Eitt helsta markmi\\u00f0 gr\\u00e6nna \\u00ed\\u00fer\\u00f3ttasamtaka er a\\u00f0 stu\\u00f0la a\\u00f0 sj\\u00e1lfb\\u00e6rum starfsh\\u00e1ttum innan \\u00ed\\u00fer\\u00f3ttamannvirkja. \\u00dea\\u00f0 \\u00e1 vi\\u00f0 um notkun\\u00a0 endurn\\u00fdjanlegra orkugjafa s.s. s\\u00f3lar- og vindorku,\\u00a0 innlei\\u00f0ingu orkusparandi lj\\u00f3sa- og loftr\\u00e6stikerfa, \\u00a0 og notkun sj\\u00e1lfb\\u00e6rs byggingarefnis vi\\u00f0 byggingu \\u00ed\\u00fer\\u00f3ttamannvirkja.<\\\/p>\\n\n\n<p>\\u00d6nnur mikilv\\u00e6g starfsemi gr\\u00e6nna \\u00ed\\u00fer\\u00f3ttasamtaka er a\\u00f0 stu\\u00f0la a\\u00f0 sj\\u00e1lfb\\u00e6rum samg\\u00f6ngum fyrir a\\u00f0d\\u00e1endur og \\u00ed\\u00fer\\u00f3ttamenn. \\u00dea\\u00f0 getur veri\\u00f0 innlei\\u00f0ing almenningssamganga, a\\u00f0st\\u00f6\\u00f0u fyrir hj\\u00f3l og hj\\u00f3lrei\\u00f0amenn og \\u00f6nnur \\u00fe\\u00e6gindi o.fl.<\\\/p>\\n\n\n<p>Auk \\u00feessarar starfsemi geta gr\\u00e6n \\u00ed\\u00fer\\u00f3ttasamt\\u00f6k stu\\u00f0la\\u00f0 a\\u00f0 sj\\u00e1lfb\\u00e6rum starfsh\\u00e1ttum \\u00ed daglegum rekstri \\u00ed\\u00fer\\u00f3ttali\\u00f0a og vi\\u00f0bur\\u00f0um, allt fr\\u00e1 notkun vistv\\u00e6nna hreinsiefna og a\\u00f0 \\u00fev\\u00ed a\\u00f0 draga \\u00far \\u00fargangi me\\u00f0 endurvinnslu.<\\\/p>\\n\n\n<p>\\u00c1 heildina liti\\u00f0 leggur Green league l\\u00edkani\\u00f0 \\u00e1herslu \\u00e1 mikilv\\u00e6gi \\u00feess a\\u00f0 skapa sj\\u00e1lfb\\u00e6rnimenningu innan \\u00ed\\u00fer\\u00f3ttasamtaka og me\\u00f0al \\u00ed\\u00fer\\u00f3ttaf\\u00f3lks, sem og innlei\\u00f0a umhverfisv\\u00e6na starfsh\\u00e6tti \\u00e1 \\u00f6llum svi\\u00f0um \\u00ed\\u00fer\\u00f3tta. \\u00dea\\u00f0 vi\\u00f0urkennir einnig mikilv\\u00e6gi \\u00feess a\\u00f0 efla sj\\u00e1lfb\\u00e6rni b\\u00e6\\u00f0i innan \\u00ed\\u00fer\\u00f3ttahreyfingarinnar og utan til a\\u00f0 skapa sj\\u00e1lfb\\u00e6rari framt\\u00ed\\u00f0 fyrir alla.<\\\/p>\\n\n\n<p>Me\\u00f0 \\u00fev\\u00ed a\\u00f0 tileinka s\\u00e9r \\u00feetta l\\u00edkan geta \\u00ed\\u00fer\\u00f3ttaf\\u00e9l\\u00f6g og starfsf\\u00f3lk \\u00feeirra b\\u00e6tt s\\u00edna frammist\\u00f6\\u00f0u, dregi\\u00f0 \\u00far umhverfis\\u00e1hrifum og stu\\u00f0la\\u00f0 a\\u00f0 sj\\u00e1lfb\\u00e6rari framt\\u00ed\\u00f0.<\\\/p>\",\"margin\":\"default\"}},{\"type\":\"button\",\"props\":{\"grid_column_gap\":\"small\",\"grid_row_gap\":\"small\",\"margin\":\"default\"},\"children\":[{\"type\":\"button_item\",\"props\":{\"button_style\":\"primary\",\"content\":\"Hla\\u00f0a ni\\u00f0ur\",\"icon_align\":\"left\",\"link\":\"wp-content\\\/uploads\\\/2023\\\/12\\\/Green-League_Model_Final-Version_IS.pdf\",\"link_target\":\"blank\"}}]}]}]},{\"type\":\"row\",\"props\":{\"layout\":\"1-2,1-2\"},\"children\":[{\"type\":\"column\",\"props\":{\"image_position\":\"center-center\",\"position_sticky_breakpoint\":\"m\",\"vertical_align\":\"middle\",\"width_medium\":\"1-2\"},\"children\":[{\"type\":\"headline\",\"props\":{\"content\":\"Um l\\u00edkani\\u00f0\",\"title_element\":\"h3\"}},{\"type\":\"text\",\"props\":{\"column_breakpoint\":\"m\",\"content\":\"\n\n<p>Green League l\\u00edkani\\u00f0 er rammi sem samt\\u00f6k geta n\\u00fdtt s\\u00e9r til a\\u00f0 stu\\u00f0la a\\u00f0 sj\\u00e1lfb\\u00e6rum og umhverfisv\\u00e6num starfsh\\u00e1ttum. H\\u00fan byggir \\u00e1 \\u00feremur megin\\u00fe\\u00e1ttum: skipulagi, framkv\\u00e6md og kynningu.<\\\/p>\",\"margin\":\"default\"}}]},{\"type\":\"column\",\"props\":{\"image_position\":\"center-center\",\"position_sticky_breakpoint\":\"m\",\"width_medium\":\"1-2\"},\"children\":[{\"type\":\"image\",\"props\":{\"image\":\"wp-content\\\/uploads\\\/2023\\\/12\\\/Model_IS.jpg\",\"image_svg_color\":\"emphasis\",\"margin\":\"default\"}}]}]},{\"type\":\"row\",\"children\":[{\"type\":\"column\",\"props\":{\"image_position\":\"center-center\",\"position_sticky_breakpoint\":\"m\"},\"children\":[{\"type\":\"divider\",\"props\":{\"divider_element\":\"hr\"}}]}]},{\"type\":\"row\",\"props\":{\"layout\":\"1-2,1-2\"},\"children\":[{\"type\":\"column\",\"props\":{\"image_position\":\"center-center\",\"position_sticky_breakpoint\":\"m\",\"width_medium\":\"1-2\"},\"children\":[{\"type\":\"headline\",\"props\":{\"content\":\"Skipulag\",\"title_element\":\"h3\"}},{\"type\":\"text\",\"props\":{\"column_breakpoint\":\"m\",\"content\":\"\n\n<p>Fyrsti \\u00fe\\u00e1ttur <em>Green League<\\\/em> l\\u00edkansins beinist a\\u00f0 uppbyggingu stofnunarinnar. \\u00cd \\u00feessum \\u00fe\\u00e6tti er \\u00e1hersla \\u00e1 a\\u00f0 skapa sj\\u00e1lfb\\u00e6rnimenningu innan stofnunarinnar (\\u00ed\\u00fer\\u00f3ttaf\\u00e9lagsins). \\u00cd \\u00fev\\u00ed felst a\\u00f0 fella sj\\u00e1lfb\\u00e6ra starfsh\\u00e6tti inn \\u00ed stefnur og verklag stofnunarinnar, auk \\u00feess a\\u00f0 innlei\\u00f0a umhverfisv\\u00e6na starfsh\\u00e6tti \\u00ed daglegan rekstur.<\\\/p>\\n\n\n<p>Grundv\\u00f6llur skipulagningar fyrir l\\u00edkan gr\\u00e6nna \\u00ed\\u00fer\\u00f3ttasamtaka samanstendur af nokkrum lykil\\u00fe\\u00e1ttum, \\u00fear \\u00e1 me\\u00f0al gildandi l\\u00f6ggj\\u00f6f\\\/stefnu og tilskipunum, hagsmunaa\\u00f0ilum og rekstrarstigi.<\\\/p>\\n\n\n<p><i>Frekari uppl\\u00fdsingar m\\u00e1 sj\\u00e1 \\u00e1 bla\\u00f0s\\u00ed\\u00f0u 17.<\\\/i><\\\/p>\",\"margin\":\"default\",\"margin_remove_bottom\":false}},{\"type\":\"button\",\"props\":{\"grid_column_gap\":\"small\",\"grid_row_gap\":\"small\",\"margin\":\"default\",\"margin_remove_top\":true},\"children\":[{\"type\":\"button_item\",\"props\":{\"button_style\":\"primary\",\"content\":\"Hla\\u00f0a ni\\u00f0ur PDF\",\"icon_align\":\"left\",\"link\":\"wp-content\\\/uploads\\\/2023\\\/12\\\/GreenLeagues-GL-Organisation-IS.pdf\",\"link_target\":\"blank\"}}]}]},{\"type\":\"column\",\"props\":{\"image_position\":\"center-center\",\"position_sticky_breakpoint\":\"m\",\"width_medium\":\"1-2\"},\"children\":[{\"type\":\"image\",\"props\":{\"image\":\"wp-content\\\/uploads\\\/2023\\\/12\\\/org-IS.jpg\",\"image_svg_color\":\"emphasis\",\"margin\":\"default\"}}]}]},{\"type\":\"row\",\"children\":[{\"type\":\"column\",\"props\":{\"image_position\":\"center-center\",\"position_sticky_breakpoint\":\"m\"},\"children\":[{\"type\":\"headline\",\"props\":{\"content\":\"L\\u00f6ggjafir og stefnur \",\"css\":\".el-element{\\n\\tcolor: #6c9c7e\\n}\",\"title_element\":\"h4\"}},{\"type\":\"text\",\"props\":{\"column_breakpoint\":\"m\",\"content\":\"\n\n<p>Til a\\u00f0 byggja upp gr\\u00e6n \\u00ed\\u00fer\\u00f3ttasamt\\u00f6k er nau\\u00f0synlegt a\\u00f0 vera me\\u00f0vita\\u00f0ur um innlendar sem al\\u00fej\\u00f3\\u00f0legar tilskipanir og stefnur sem tengjast sj\\u00e1lfb\\u00e6rni. \\u00cd\\u00fer\\u00f3ttasamt\\u00f6k \\u00e6ttu a\\u00f0 fylgja \\u00feessum tilskipunum og stefnum til a\\u00f0 draga \\u00far umhverfis\\u00e1hrifum \\u00feeirra.<\\\/p>\\n\n\n<p>\\u00ddmsar tilskipanir og stefnur sem veri\\u00f0 er a\\u00f0 setja \\u00e1 f\\u00f3t, b\\u00e6\\u00f0i \\u00e1 innlendum og al\\u00fej\\u00f3\\u00f0legum vettvangi til a\\u00f0 \\u00fdta undir gr\\u00e6na \\u00ed\\u00fer\\u00f3ttai\\u00f0kun.<\\\/p>\\n\n\n<p>\\u00cd\\u00fer\\u00f3ttasamt\\u00f6kin \\u00e6ttu sj\\u00e1lf a\\u00f0 hafa starfsstefnu. Stefna gr\\u00e6nna \\u00ed\\u00fer\\u00f3ttasamtaka \\u00e6tti a\\u00f0 mi\\u00f0a a\\u00f0 sj\\u00e1lfb\\u00e6rni og umhverfis\\u00e1byrg\\u00f0. \\u00deessi stefna \\u00e6tti a\\u00f0 vera allri starfsemi og \\u00e1kv\\u00f6r\\u00f0unum stofnunarinnar a\\u00f0 lei\\u00f0arlj\\u00f3si og \\u00fearf a\\u00f0 kynna \\u00e1 sk\\u00fdran h\\u00e1tt fyrir \\u00f6llum hagsmunaa\\u00f0ilum.<\\\/p>\\n\n\n<p><i>Frekri uppl\\u00fdsingar m\\u00e1 sj\\u00e1 \\u00e1 bla\\u00f0s\\u00ed\\u00f0u 18.<\\\/i><\\\/p>\",\"margin\":\"default\"}}]}]},{\"type\":\"row\",\"children\":[{\"type\":\"column\",\"props\":{\"image_position\":\"center-center\",\"position_sticky_breakpoint\":\"m\"},\"children\":[{\"type\":\"headline\",\"props\":{\"content\":\"Hagsmunaa\\u00f0ilar \",\"css\":\".el-element{\\n\\tcolor: #6c9c7e\\n}\",\"title_element\":\"h4\"}},{\"type\":\"text\",\"props\":{\"column_breakpoint\":\"m\",\"content\":\"\n\n<p>Til a\\u00f0 n\\u00e1 \\u00e1rangri ver\\u00f0a gr\\u00e6n \\u00ed\\u00fer\\u00f3ttasamt\\u00f6k a\\u00f0 f\\u00e1 alla hagsmunaa\\u00f0ila, \\u00ed\\u00fer\\u00f3ttasamt\\u00f6k, n\\u00e6rsamf\\u00e9lagi\\u00f0, \\u00ed\\u00fer\\u00f3ttamenn, a\\u00f0d\\u00e1endur, styrktara\\u00f0ila, opinber yfirv\\u00f6ld og stu\\u00f0ningsmenn me\\u00f0 s\\u00e9r \\u00ed li\\u00f0.<\\\/p>\\n\n\n<p>\\u00cd\\u00fer\\u00f3ttasamt\\u00f6k \\u00e6ttu a\\u00f0 vinna me\\u00f0 umhverfissamt\\u00f6kum til a\\u00f0 a\\u00f0sto\\u00f0a vi\\u00f0 stefnum\\u00f3tun og stu\\u00f0la a\\u00f0 sj\\u00e1lfb\\u00e6rum starfsh\\u00e1ttum. \\u00de\\u00e1 er einnig mikilv\\u00e6gt a\\u00f0 virkja n\\u00e6rsamf\\u00e9lagi\\u00f0 til a\\u00f0 stu\\u00f0la a\\u00f0 sj\\u00e1lfb\\u00e6rum starfsh\\u00e1ttum, auka vitund og hvetja til \\u00fe\\u00e1ttt\\u00f6ku \\u00ed gr\\u00e6nu \\u00ed\\u00fer\\u00f3ttastarfi. Millili\\u00f0ir og stu\\u00f0ningsmenn, eins og styrktara\\u00f0ilar og s\\u00f6lua\\u00f0ilar, gegna einnig mikilv\\u00e6gu hlutverki \\u00ed \\u00fev\\u00ed a\\u00f0 stu\\u00f0la a\\u00f0 sj\\u00e1lfb\\u00e6rum starfsh\\u00e1ttum.<\\\/p>\\n\n\n<p><i>Frekri uppl\\u00fdsingar m\\u00e1 sj\\u00e1 \\u00e1 bla\\u00f0s\\u00ed\\u00f0u 20.<\\\/i><\\\/p>\",\"margin\":\"default\"}}]}]},{\"type\":\"row\",\"children\":[{\"type\":\"column\",\"props\":{\"image_position\":\"center-center\",\"position_sticky_breakpoint\":\"m\"},\"children\":[{\"type\":\"headline\",\"props\":{\"content\":\"Hvati og \\u00e1vinningur \",\"css\":\".el-element{\\n\\tcolor: #6c9c7e\\n}\",\"title_element\":\"h4\"}},{\"type\":\"text\",\"props\":{\"column_breakpoint\":\"m\",\"content\":\"\n\n<p>Gr\\u00e6n \\u00ed\\u00fer\\u00f3ttasamt\\u00f6k skulu a\\u00f0 huga a\\u00f0 umfangi starfsemi sinnar og hversu mikla skuldbindingu \\u00fearf til 12 a\\u00f0 stu\\u00f0la a\\u00f0 sj\\u00e1lfb\\u00e6rni. \\u00deetta \\u00e1 vi\\u00f0 \\u00e1 al\\u00fej\\u00f3\\u00f0legum, innlendum og sta\\u00f0bundnum vettvangi. \\u00a0\\u00a0\\u00a0<\\\/p>\\n\n\n<p>Rekstrarstig gr\\u00e6nna \\u00ed\\u00fer\\u00f3ttasamtaka getur veri\\u00f0 \\u00f3l\\u00edkt, allt fr\\u00e1 sta\\u00f0bundnum grasr\\u00f3tarsamt\\u00f6kum til st\\u00f3rra al\\u00fej\\u00f3\\u00f0legra samtaka. Stofnunin \\u00e6tti a\\u00f0 starfa \\u00e1 \\u00fev\\u00ed stigi sem h\\u00e6fir au\\u00f0lindum \\u00feess og markmi\\u00f0um, en stu\\u00f0la samt a\\u00f0 sj\\u00e1lfb\\u00e6rum starfsh\\u00e1ttum \\u00ed \\u00ed\\u00fer\\u00f3ttum.<\\\/p>\\n\n\n<p>\\u00c1 al\\u00fej\\u00f3\\u00f0avettvangi geta \\u00ed\\u00fer\\u00f3ttasamt\\u00f6k stu\\u00f0la\\u00f0 a\\u00f0 sj\\u00e1lfb\\u00e6rni me\\u00f0 \\u00fev\\u00ed a\\u00f0 fylgja al\\u00fej\\u00f3\\u00f0legum stefnum og me\\u00f0 \\u00fev\\u00ed a\\u00f0 eiga samstarf vi\\u00f0 umhverfissamt\\u00f6k. \\u00c1 landsv\\u00edsu geta stofnanir innleitt sj\\u00e1lfb\\u00e6ra starfsh\\u00e6tti og stefnur sem fylgja innlendum tilskipunum. Sv\\u00e6\\u00f0isbundnar stofnanir geta virkja\\u00f0 n\\u00e6rsamf\\u00e9lag sitt, grasr\\u00f3tina, og \\u00feannig stu\\u00f0la\\u00f0 a\\u00f0 sj\\u00e1lfb\\u00e6rni.<\\\/p>\\n\n\n<p><i>Frekri uppl\\u00fdsingar m\\u00e1 sj\\u00e1 \\u00e1 bla\\u00f0s\\u00ed\\u00f0u 23.<\\\/i><\\\/p>\",\"margin\":\"default\"}}]}]},{\"type\":\"row\",\"children\":[{\"type\":\"column\",\"props\":{\"image_position\":\"center-center\",\"position_sticky_breakpoint\":\"m\"},\"children\":[{\"type\":\"divider\",\"props\":{\"divider_element\":\"hr\"}}]}]},{\"type\":\"row\",\"props\":{\"layout\":\"1-2,1-2\"},\"children\":[{\"type\":\"column\",\"props\":{\"image_position\":\"center-center\",\"position_sticky_breakpoint\":\"m\",\"width_medium\":\"1-2\"},\"children\":[{\"type\":\"headline\",\"props\":{\"content\":\"Innlei\\u00f0ing \",\"title_element\":\"h3\"}},{\"type\":\"text\",\"props\":{\"column_breakpoint\":\"m\",\"content\":\"\n\n<p>Grundv\\u00f6llur gr\\u00e6ns \\u00ed\\u00fer\\u00f3ttal\\u00edkans felur \\u00ed s\\u00e9r innlei\\u00f0ingu \\u00e1 sj\\u00e1lfb\\u00e6rum starfsh\\u00e1ttum \\u00ed \\u00ed\\u00fer\\u00f3ttasamt\\u00f6kunum og krefst \\u00feess a\\u00f0 hafa nokkra lykil\\u00fe\\u00e6tti \\u00ed huga, \\u00fear \\u00e1 me\\u00f0al: \\u00e1hrif \\u00ed\\u00fer\\u00f3tta \\u00e1 umhverfi\\u00f0, m\\u00f6guleika beinnar \\u00fe\\u00e1ttt\\u00f6ku \\u00ed\\u00fer\\u00f3ttahreyfingarinnar \\u00ed umhverfism\\u00e1lum, skipulagningu og framkv\\u00e6md gr\\u00e6nna \\u00ed\\u00fer\\u00f3tta, tegund starfseminnar, meginreglur og markmi\\u00f0.<\\\/p>\\n\n\n<p><i>Frekri uppl\\u00fdsingar m\\u00e1 sj\\u00e1  \\u00e1 bla\\u00f0s\\u00ed\\u00f0u 24.<\\\/i><\\\/p>\",\"margin\":\"default\"}},{\"type\":\"button\",\"props\":{\"grid_column_gap\":\"small\",\"grid_row_gap\":\"small\",\"margin\":\"default\"},\"children\":[{\"type\":\"button_item\",\"props\":{\"button_style\":\"primary\",\"content\":\"Hla\\u00f0a ni\\u00f0ur PDF\",\"icon_align\":\"left\",\"link\":\"wp-content\\\/uploads\\\/2023\\\/12\\\/GreenLeagues-GL-Implementation-IS.pdf\",\"link_target\":\"blank\"}}]}]},{\"type\":\"column\",\"props\":{\"image_position\":\"center-center\",\"position_sticky_breakpoint\":\"m\",\"width_medium\":\"1-2\"},\"children\":[{\"type\":\"image\",\"props\":{\"image\":\"wp-content\\\/uploads\\\/2023\\\/12\\\/Impl-is.jpg\",\"image_svg_color\":\"emphasis\",\"margin\":\"default\"}}]}]},{\"type\":\"row\",\"children\":[{\"type\":\"column\",\"props\":{\"image_position\":\"center-center\",\"position_sticky_breakpoint\":\"m\"},\"children\":[{\"type\":\"headline\",\"props\":{\"content\":\"Hvernig \\u00ed\\u00fer\\u00f3ttir hafa \\u00e1hrif \\u00e1 umhverfi\\u00f0 \",\"css\":\".el-element{\\ncolor: #d4c57b;\\n}\",\"title_element\":\"h4\"}},{\"type\":\"text\",\"props\":{\"column_breakpoint\":\"m\",\"content\":\"\n\n<p>\\u00c1\\u00f0ur en sj\\u00e1lfb\\u00e6r vinnubr\\u00f6g\\u00f0 eru innleidd er nau\\u00f0synlegt a\\u00f0 skilja \\u00e1hrif \\u00ed\\u00fer\\u00f3tta \\u00e1 umhverfi\\u00f0. \\u00cd\\u00fer\\u00f3ttavi\\u00f0bur\\u00f0ir og athafnir geta haft verulega neikv\\u00e6\\u00f0 \\u00e1hrif \\u00e1 umhverfi\\u00f0. Skilningur \\u00feessara \\u00e1hrifa getur hj\\u00e1lpa\\u00f0 stofnunum a\\u00f0 b\\u00faa til skilvirkar sj\\u00e1lfb\\u00e6rar stefnur og starfsh\\u00e6tti.<\\\/p>\\n\n\n<p><i>Frekri uppl\\u00fdsingar m\\u00e1 sj\\u00e1  \\u00e1 bla\\u00f0s\\u00ed\\u00f0u 25.<\\\/i><\\\/p>\",\"margin\":\"default\"}}]}]},{\"type\":\"row\",\"children\":[{\"type\":\"column\",\"props\":{\"image_position\":\"center-center\",\"position_sticky_breakpoint\":\"m\"},\"children\":[{\"type\":\"headline\",\"props\":{\"content\":\"M\\u00f6guleikar \\u00fe\\u00e1ttt\\u00f6ku \\u00ed\\u00fer\\u00f3ttahreyfingarinnar \\u00ed umhverfism\\u00e1lum \",\"css\":\".el-element{\\ncolor: #d4c57b;\\n}\",\"title_element\":\"h4\"}},{\"type\":\"text\",\"props\":{\"column_breakpoint\":\"m\",\"content\":\"\n\n<p>Gr\\u00e6nar \\u00ed\\u00fer\\u00f3ttir geta haft j\\u00e1kv\\u00e6\\u00f0 \\u00e1hrif, ekki bara \\u00e1 umhverfi\\u00f0 heldur einnig \\u00e1 f\\u00e9lagsleg og efnahagsleg kerfi. \\u00de\\u00e1 stu\\u00f0la \\u00fe\\u00e6r a\\u00f0 heilbrig\\u00f0um og sj\\u00e1lfb\\u00e6rum l\\u00edfsh\\u00e1ttum, b\\u00e6ta f\\u00e9lagslega samheldni og skapa efnahagslegan \\u00e1vinning. \\u00cd\\u00fer\\u00f3ttir er h\\u00e6gt a\\u00f0 n\\u00fdta sem \\u00f6flugt t\\u00e6ki \\u00ed vitundarvakningu og stu\\u00f0la a\\u00f0 sj\\u00e1lfb\\u00e6rum starfsh\\u00e1ttum. Gr\\u00e6n \\u00ed\\u00fer\\u00f3ttaverkefni geta hvatt a\\u00f0d\\u00e1endur, leikmenn og a\\u00f0ra hagsmunaa\\u00f0ila til a\\u00f0 tileinka s\\u00e9r sj\\u00e1lfb\\u00e6rar a\\u00f0fer\\u00f0ir \\u00ed s\\u00ednu daglegu l\\u00edfi.<\\\/p>\\n\n\n<p><i>Frekri uppl\\u00fdsingar m\\u00e1 sj\\u00e1  \\u00e1 bla\\u00f0s\\u00ed\\u00f0u 26.<\\\/i><\\\/p>\",\"margin\":\"default\"}}]}]},{\"type\":\"row\",\"children\":[{\"type\":\"column\",\"props\":{\"image_position\":\"center-center\",\"position_sticky_breakpoint\":\"m\"},\"children\":[{\"type\":\"headline\",\"props\":{\"content\":\"Skipulagning og innlei\\u00f0ing gr\\u00e6nna \\u00ed\\u00fer\\u00f3ttavi\\u00f0bur\\u00f0a \",\"css\":\".el-element{\\ncolor: #d4c57b;\\n}\",\"title_element\":\"h4\"}},{\"type\":\"text\",\"props\":{\"column_breakpoint\":\"m\",\"content\":\"\n\n<p>Skipulagning of innlei\\u00f0ing gr\\u00e6ns \\u00ed\\u00fer\\u00f3ttastarfs og vi\\u00f0bur\\u00f0a geta f\\u00e9l\\u00f6g n\\u00fdtt s\\u00e9r ramma sem inniheldur stefnur, markmi\\u00f0 og a\\u00f0ger\\u00f0a\\u00e1\\u00e6tlanir sem stu\\u00f0la a\\u00f0 sj\\u00e1lfb\\u00e6rni. Ramminn getur veri\\u00f0 mi\\u00f0a\\u00f0ur a\\u00f0 \\u00fdmsum \\u00f3l\\u00edkum \\u00fe\\u00e1ttum, s.s. orku- og vatnsvernd, vistv\\u00e6num matar- og drykkjarvalkostum, \\u00fargangsstj\\u00f3rnunara\\u00f0fer\\u00f0um, sj\\u00e1lfb\\u00e6rum samg\\u00f6ngum og innkaupum. \\u00dear m\\u00e1 einnig finna innlei\\u00f0ingu gr\\u00e6nnar innkaupastefnu fyrir v\\u00f6rur og \\u00fej\\u00f3nustu og felur \\u00ed s\\u00e9r sj\\u00e1lfb\\u00e6ra efnis\\u00f6flun fyrir b\\u00fana\\u00f0 og innvi\\u00f0i.<\\\/p>\\n\n\n<p><i>Frekri uppl\\u00fdsingar m\\u00e1 sj\\u00e1  \\u00e1 bla\\u00f0s\\u00ed\\u00f0u 27.<\\\/i><\\\/p>\",\"margin\":\"default\"}}]}]},{\"type\":\"row\",\"children\":[{\"type\":\"column\",\"props\":{\"image_position\":\"center-center\",\"position_sticky_breakpoint\":\"m\"},\"children\":[{\"type\":\"headline\",\"props\":{\"content\":\"A\\u00f0ger\\u00f0ir \",\"css\":\".el-element{\\ncolor: #d4c57b;\\n}\",\"title_element\":\"h4\"}},{\"type\":\"text\",\"props\":{\"column_breakpoint\":\"m\",\"content\":\"\n\n<p>Gr\\u00e6nt \\u00ed\\u00fer\\u00f3ttastarf \\u00e6tti a\\u00f0 vera til sta\\u00f0ar \\u00e1 \\u00f6llum stigum \\u00ed\\u00fer\\u00f3ttahreyfingarinnar. Fr\\u00e1 h\\u00f6nnun og byggingu til rekstrar og stj\\u00f3rnunar vi\\u00f0bur\\u00f0a.<\\\/p>\\n\n\n<p>F\\u00e9l\\u00f6g geta teki\\u00f0 a\\u00f0 s\\u00e9r \\u00fdmis verkefni til a\\u00f0 vekja athygli \\u00e1 gr\\u00e6num \\u00ed\\u00fer\\u00f3ttum, s.s. me\\u00f0 \\u00fev\\u00ed a\\u00f0 halda vi\\u00f0bur\\u00f0i sem vekja athygli \\u00e1 m\\u00e1lefninu og \\u00f6nnur innvi\\u00f0averkefni.<\\\/p>\\n\n\n<p>Sl\\u00edkir vi\\u00f0bur\\u00f0ir l\\u00edkt og vinnustofur, m\\u00e1lstofur og herfer\\u00f0ir, geta stu\\u00f0la\\u00f0 a\\u00f0 sj\\u00e1lfb\\u00e6rum starfsh\\u00e1ttum og hvatt til \\u00fe\\u00e1ttt\\u00f6ku \\u00ed gr\\u00e6nu \\u00ed\\u00fer\\u00f3ttastarfi.<\\\/p>\\n\n\n<p>Vi\\u00f0bur\\u00f0ir, eins og gr\\u00e6n \\u00ed\\u00fer\\u00f3ttam\\u00f3t geta einnig stu\\u00f0la\\u00f0 a\\u00f0 sj\\u00e1lfb\\u00e6rum starfsh\\u00e1ttum og vaki\\u00f0 f\\u00f3lk til umhugsunar um umhverfism\\u00e1l.<\\\/p>\\n\n\n<p>Innvi\\u00f0aframkv\\u00e6mdir, eins og gr\\u00e6nir leikvangar e\\u00f0a s\\u00f3larorkukn\\u00fain \\u00ed\\u00fer\\u00f3ttamannvirki geta einnig stu\\u00f0la\\u00f0 a\\u00f0 sj\\u00e1lfb\\u00e6rum starfsh\\u00e1ttum og dregi\\u00f0 \\u00far umhverfis\\u00e1hrifum \\u00ed\\u00fer\\u00f3ttai\\u00f0kunar<\\\/p>\\n\n\n<p><i>Frekri uppl\\u00fdsingar m\\u00e1 sj\\u00e1 \\u00e1 bla\\u00f0s\\u00ed\\u00f0u 35.<\\\/i><\\\/p>\",\"margin\":\"default\"}}]}]},{\"type\":\"row\",\"children\":[{\"type\":\"column\",\"props\":{\"image_position\":\"center-center\",\"position_sticky_breakpoint\":\"m\"},\"children\":[{\"type\":\"headline\",\"props\":{\"content\":\"Meginreglur og markmi\\u00f0 \",\"css\":\".el-element{\\ncolor: #d4c57b;\\n}\",\"title_element\":\"h4\"}},{\"type\":\"text\",\"props\":{\"column_breakpoint\":\"m\",\"content\":\"\n\n<p>Meginreglurnar eru tv\\u00e6r, annars vegar eru \\u00fea\\u00f0 \\u00feau markmi\\u00f0 sem vi\\u00f0 viljum n\\u00e1 \\u00ed gegnum gr\\u00e6nar \\u00ed\\u00fer\\u00f3ttir og hins vegar \\u00fe\\u00e6r meginreglur sem eru til sta\\u00f0ar um framkv\\u00e6md vi\\u00f0bur\\u00f0a, en \\u00fe\\u00e6r v\\u00edsa til markmi\\u00f0a vi\\u00f0bur\\u00f0arins sj\\u00e1lfs.<\\\/p>\\n\n\n<p>Gr\\u00e6nt \\u00ed\\u00fer\\u00f3ttastarf og vi\\u00f0bur\\u00f0ir \\u00e6ttu a\\u00f0 setja \\u00f6ryggi, \\u00fe\\u00e1ttt\\u00f6ku, jafnr\\u00e9tti og samvinnu \\u00ed forgang, auk \\u00feess a\\u00f0 stu\\u00f0la a\\u00f0 sj\\u00e1lfb\\u00e6rni. Me\\u00f0 \\u00fev\\u00ed a\\u00f0 fylgja \\u00feessum meginreglum geta skipuleggjendur skapa\\u00f0 \\u00f6ruggt, hl\\u00fdlegt og sj\\u00e1lfb\\u00e6rt umhverfi fyrir alla \\u00fe\\u00e1tttakendur, \\u00e1horfendur og hagsmunaa\\u00f0ila.<\\\/p>\\n\n\n<p><i>Frekri uppl\\u00fdsingar m\\u00e1 sj\\u00e1 \\u00e1 bla\\u00f0s\\u00ed\\u00f0u 38.<\\\/i><\\\/p>\",\"margin\":\"default\"}}]}]},{\"type\":\"row\",\"children\":[{\"type\":\"column\",\"props\":{\"image_position\":\"center-center\",\"position_sticky_breakpoint\":\"m\"},\"children\":[{\"type\":\"divider\",\"props\":{\"divider_element\":\"hr\"}}]}]},{\"type\":\"row\",\"props\":{\"layout\":\"1-2,1-2\"},\"children\":[{\"type\":\"column\",\"props\":{\"image_position\":\"center-center\",\"position_sticky_breakpoint\":\"m\",\"width_medium\":\"1-2\"},\"children\":[{\"type\":\"headline\",\"props\":{\"content\":\"Kynning \",\"title_element\":\"h3\"}},{\"type\":\"text\",\"props\":{\"column_breakpoint\":\"m\",\"content\":\"\n\n<p>Kynning felur \\u00ed s\\u00e9r \\u00fea\\u00f0 ferli a\\u00f0 \\u00fatdeila uppl\\u00fdsingum og dreifa bo\\u00f0skap gr\\u00e6nna \\u00ed\\u00fer\\u00f3tta. Kynningarstarf \\u00fearf a\\u00f0 sn\\u00ed\\u00f0a a\\u00f0 \\u00fe\\u00f6rfum hvers og eins hagsmunaa\\u00f0ila fyrir sig og getur fali\\u00f0 \\u00ed s\\u00e9r uppl\\u00fdsingar um stefnu \\u00ed\\u00fer\\u00f3ttasamtakanna, samf\\u00e9lagsmi\\u00f0laherfer\\u00f0ir, rafr\\u00e6n fr\\u00e9ttabr\\u00e9f, r\\u00e1\\u00f0stefnur o.\\u00fe.h.<\\\/p>\\n\n\n<p>S\\u00ed\\u00f0asti \\u00fe\\u00e1ttur Green League l\\u00edkansins felur \\u00ed s\\u00e9r a\\u00f0 stu\\u00f0la a\\u00f0 sj\\u00e1lfb\\u00e6rni b\\u00e6\\u00f0i innan stofnunarinnar og utan hennar. \\u00deetta getur fali\\u00f0 \\u00ed s\\u00e9r marka\\u00f0ssetningu sj\\u00e1lfb\\u00e6rra vara e\\u00f0a \\u00fej\\u00f3nustu, \\u00fe\\u00e1ttt\\u00f6ku \\u00ed umhverfisherfer\\u00f0um e\\u00f0a verkefnum, e\\u00f0a samvinnu me\\u00f0 \\u00f6\\u00f0rum samt\\u00f6kum til a\\u00f0 stu\\u00f0la a\\u00f0 sj\\u00e1lfb\\u00e6rni.<\\\/p>\\n\n\n<p>Grunnurinn a\\u00f0 \\u00fev\\u00ed a\\u00f0 efla Green League l\\u00edkani\\u00f0 samanstendur af nokkrum lykil\\u00fe\\u00e1ttum, \\u00fear \\u00e1 me\\u00f0al: fj\\u00f6lmi\\u00f0lum, samskiptum, fr\\u00e6\\u00f0slu og bo\\u00f0un m\\u00e1lsta\\u00f0arins.<\\\/p>\\n\n\n<p><i>Fyrir frekari uppl\\u00fdsingar skaltu hla\\u00f0a ni\\u00f0ur skjalinu h\\u00e9r a\\u00f0 ne\\u00f0an.<\\\/i><\\\/p>\",\"margin\":\"default\"}},{\"type\":\"button\",\"props\":{\"grid_column_gap\":\"small\",\"grid_row_gap\":\"small\",\"margin\":\"default\"},\"children\":[{\"type\":\"button_item\",\"props\":{\"button_style\":\"primary\",\"content\":\"Hla\\u00f0a ni\\u00f0ur PDF \",\"icon_align\":\"left\",\"link\":\"wp-content\\\/uploads\\\/2023\\\/12\\\/GreenLeagues-GL-Promotion-IS.pdf\",\"link_target\":\"blank\"}}]}]},{\"type\":\"column\",\"props\":{\"image_position\":\"center-center\",\"position_sticky_breakpoint\":\"m\",\"width_medium\":\"1-2\"},\"children\":[{\"type\":\"image\",\"props\":{\"image\":\"wp-content\\\/uploads\\\/2023\\\/12\\\/promo-is.jpg\",\"image_svg_color\":\"emphasis\",\"margin\":\"default\"}}]}]},{\"type\":\"row\",\"children\":[{\"type\":\"column\",\"props\":{\"image_position\":\"center-center\",\"position_sticky_breakpoint\":\"m\"},\"children\":[{\"type\":\"grid\",\"props\":{\"content_column_breakpoint\":\"m\",\"content_margin\":\"small\",\"css\":\".el-title{\\n\\tcolor: #6dabab;\\n}\",\"filter_align\":\"left\",\"filter_all\":true,\"filter_grid_breakpoint\":\"m\",\"filter_grid_width\":\"auto\",\"filter_position\":\"top\",\"filter_style\":\"tab\",\"grid_column_align\":false,\"grid_default\":\"1\",\"grid_medium\":\"2\",\"icon_width\":80,\"image_align\":\"top\",\"image_grid_breakpoint\":\"m\",\"image_grid_width\":\"1-2\",\"image_svg_color\":\"emphasis\",\"item_animation\":true,\"link_style\":\"default\",\"link_text\":\"Read more\",\"margin\":\"default\",\"meta_align\":\"below-title\",\"meta_element\":\"div\",\"meta_style\":\"text-meta\",\"show_content\":true,\"show_image\":true,\"show_link\":true,\"show_meta\":true,\"show_title\":true,\"title_align\":\"top\",\"title_element\":\"h4\",\"title_grid_breakpoint\":\"m\",\"title_grid_width\":\"1-2\",\"title_hover_style\":\"reset\"},\"children\":[{\"type\":\"grid_item\",\"props\":{\"content\":\"\n\n<p>Fj\\u00f6lmi\\u00f0lar geta veri\\u00f0 mikilv\\u00e6gir samstarfsa\\u00f0ilar \\u00ed eflingu gr\\u00e6nnar \\u00ed\\u00fer\\u00f3ttahreyfingar og geta vaki\\u00f0 athygli \\u00e1 umhverfis\\u00e1hrifum \\u00ed\\u00fer\\u00f3ttai\\u00f0kunar. Gr\\u00e6n \\u00ed\\u00fer\\u00f3ttasamt\\u00f6k \\u00e6ttu a\\u00f0 leitast vi\\u00f0 a\\u00f0 eiga samskipti vi\\u00f0 fj\\u00f6lmi\\u00f0la og nota \\u00fe\\u00e1 sem vettvang til a\\u00f0 kynna starfsemi s\\u00edna.<\\\/p>\\n\n\n<p><i>Frekri uppl\\u00fdsingar m\\u00e1 sj\\u00e1  \\u00e1 bla\\u00f0s\\u00ed\\u00f0u 41.<\\\/i><\\\/p>\",\"title\":\"Fj\\u00f6lmi\\u00f0lar \"}},{\"type\":\"grid_item\",\"props\":{\"content\":\"\n\n<p>Samskipti er lykilatri\\u00f0i kynningu bo\\u00f0skaps gr\\u00e6nna \\u00ed\\u00fer\\u00f3ttasamtaka. Stofnanir \\u00e6ttu a\\u00f0 vinna a\\u00f0 \\u00fev\\u00ed a\\u00f0 kynna stefnu s\\u00edna og markmi\\u00f0 \\u00e1 sk\\u00fdran h\\u00e1tt og tryggja a\\u00f0 hagsmunaa\\u00f0ilar s\\u00e9u me\\u00f0vita\\u00f0ir um kosti sj\\u00e1lfb\\u00e6rra starfsh\\u00e1tta. Samskipti skulu vera gagns\\u00e6, uppl\\u00fdsandi og gr\\u00edpandi og \\u00e6ttu a\\u00f0 vera sni\\u00f0in a\\u00f0 \\u00fe\\u00f6rfum hvers allra hagsmunaa\\u00f0ila, \\u00ed\\u00fer\\u00f3ttaf\\u00f3lks, a\\u00f0d\\u00e1enda, styrktara\\u00f0ila og samf\\u00e9lagsins \\u00ed heild.<\\\/p>\\n\n\n<p><i>Frekri uppl\\u00fdsingar m\\u00e1 sj\\u00e1  \\u00e1 bla\\u00f0s\\u00ed\\u00f0u 42.<\\\/i><\\\/p>\",\"title\":\"Samskipti \"}},{\"type\":\"grid_item\",\"props\":{\"content\":\"\n\n<p>\\u00dej\\u00e1lfun og fram\\u00fer\\u00f3un eru nau\\u00f0synlegir \\u00fe\\u00e6ttir svo gr\\u00e6nar \\u00ed\\u00fer\\u00f3ttir s\\u00e9u innleiddar og haldi\\u00f0 vi\\u00f0. Sem d\\u00e6mi m\\u00e1 nefna \\u00fej\\u00e1lfun \\u00ed\\u00fer\\u00f3ttaf\\u00f3lks og \\u00fej\\u00e1lfara \\u00ed sj\\u00e1lfb\\u00e6rum starfsh\\u00e1ttum, kennslu fyrir a\\u00f0st\\u00f6\\u00f0ustj\\u00f3ra vi\\u00f0 h\\u00f6nnun gr\\u00e6nna mannvirkja og fr\\u00e6\\u00f0a a\\u00f0d\\u00e1endur um umhverfis\\u00e1hrif \\u00ed\\u00fer\\u00f3ttai\\u00f0kunar.<\\\/p>\\n\n\n<p><i>Frekri uppl\\u00fdsingar m\\u00e1 sj\\u00e1  \\u00e1 bla\\u00f0s\\u00ed\\u00f0u 45.<\\\/i><\\\/p>\",\"title\":\"Menntun \"}},{\"type\":\"grid_item\",\"props\":{\"content\":\"\n\n<p>L\\u00fdsa m\\u00e1 hagsmunag\\u00e6slu sem starfsemi sem mi\\u00f0ar a\\u00f0 \\u00fev\\u00ed a\\u00f0 hafa \\u00e1hrif \\u00e1 a\\u00f0ger\\u00f0ir og \\u00e1kvar\\u00f0anir innan stj\\u00f3rnm\\u00e1la, f\\u00e9lags- og efnahagskerfisins sem fjalla um tiltekin m\\u00e1l.<\\\/p>\\n\n\n<p><i>Frekri uppl\\u00fdsingar m\\u00e1 sj\\u00e1  \\u00e1 bla\\u00f0s\\u00ed\\u00f0u 47.<\\\/i><\\\/p>\",\"title\":\"Bo\\u00f0un m\\u00e1lsta\\u00f0ar - hagsmunag\\u00e6sla \"}}]}]}]},{\"type\":\"row\",\"children\":[{\"type\":\"column\",\"props\":{\"image_position\":\"center-center\",\"position_sticky_breakpoint\":\"m\"},\"children\":[{\"type\":\"divider\",\"props\":{\"divider_element\":\"hr\"}}]}]}]}],\"version\":\"4.4.12\"} --><\/p>\n","protected":false},"excerpt":{"rendered":"<p>Green League L\u00edkani\u00f0 Kynning \u00e1 Green League l\u00edkaninu \u00c1 undanf\u00f6rnum \u00e1rum hefur me\u00f0vitund f\u00f3lks um \u00e1hrif mannlegra athafna \u00e1 umhverfi\u00f0 aukist til muna. \u00dev\u00ed hafa..<\/p>\n","protected":false},"author":1,"featured_media":0,"parent":0,"menu_order":0,"comment_status":"closed","ping_status":"closed","template":"","meta":{"_acf_changed":false,"inline_featured_image":false,"footnotes":""},"class_list":["post-1502","page","type-page","status-publish","hentry"],"acf":[],"_links":{"self":[{"href":"https:\/\/green-league.eu\/is\/wp-json\/wp\/v2\/pages\/1502","targetHints":{"allow":["GET"]}}],"collection":[{"href":"https:\/\/green-league.eu\/is\/wp-json\/wp\/v2\/pages"}],"about":[{"href":"https:\/\/green-league.eu\/is\/wp-json\/wp\/v2\/types\/page"}],"author":[{"embeddable":true,"href":"https:\/\/green-league.eu\/is\/wp-json\/wp\/v2\/users\/1"}],"replies":[{"embeddable":true,"href":"https:\/\/green-league.eu\/is\/wp-json\/wp\/v2\/comments?post=1502"}],"version-history":[{"count":5,"href":"https:\/\/green-league.eu\/is\/wp-json\/wp\/v2\/pages\/1502\/revisions"}],"predecessor-version":[{"id":2108,"href":"https:\/\/green-league.eu\/is\/wp-json\/wp\/v2\/pages\/1502\/revisions\/2108"}],"wp:attachment":[{"href":"https:\/\/green-league.eu\/is\/wp-json\/wp\/v2\/media?parent=1502"}],"curies":[{"name":"wp","href":"https:\/\/api.w.org\/{rel}","templated":true}]}}